{"id":394,"date":"2020-10-24T13:16:00","date_gmt":"2020-10-24T17:16:00","guid":{"rendered":"https:\/\/cesd.qc.ca\/nouveaute-en-magasin\/"},"modified":"2021-08-20T22:21:16","modified_gmt":"2021-08-21T02:21:16","slug":"the-new-stock-in-store","status":"publish","type":"page","link":"https:\/\/cesd.qc.ca\/en\/the-new-stock-in-store\/","title":{"rendered":"The New stock in store"},"content":{"rendered":"\n<p><\/p>\n\n\n\n<div class=\"wp-block-cover has-background-dim\" style=\"min-height:513px;aspect-ratio:unset;\"><img loading=\"lazy\" decoding=\"async\" width=\"960\" height=\"720\" class=\"wp-block-cover__image-background wp-image-1485\" alt=\"\" src=\"https:\/\/cesd.qc.ca\/media\/Cinema-en-plein-air.jpg\" data-object-fit=\"cover\" srcset=\"https:\/\/cesd.qc.ca\/media\/Cinema-en-plein-air.jpg 960w, https:\/\/cesd.qc.ca\/media\/Cinema-en-plein-air-300x225.jpg 300w, https:\/\/cesd.qc.ca\/media\/Cinema-en-plein-air-768x576.jpg 768w\" sizes=\"auto, (max-width: 960px) 100vw, 960px\" \/><div class=\"wp-block-cover__inner-container is-layout-flow wp-block-cover-is-layout-flow\">\n<p class=\"has-large-font-size\">Voici la nouveaut\u00e9 cette ann\u00e9e, \u00e9cran g\u00e9ant pour voir vos films pr\u00e9f\u00e9r\u00e9 en plein air.<\/p>\n<\/div><\/div>\n\n\n\n<p>\u00c9cran g\u00e9ant pour l&#8217;int\u00e9rieur, vous pouvez projeter vos photo, film, vid\u00e9o et power pointe.<\/p>\n\n\n\n<p>The New stock in store g\u00e9ant Screenshots<\/p>\n\n\n<div id=\"attachment_1269\" style=\"width: 569px\" class=\"wp-caption aligncenter\"><a href=\"https:\/\/cesd.qc.ca\/media\/FB_IMG_1487555353387.jpg\"><img loading=\"lazy\" decoding=\"async\" aria-describedby=\"caption-attachment-1269\" class=\"\u00c9cran G\u00e9ant wp-image-1269\" title=\"\u00c9cran G\u00e9ant\" src=\"https:\/\/cesd.qc.ca\/media\/FB_IMG_1487555353387.jpg\" alt=\"\u00c9cran G\u00e9ant\" width=\"559\" height=\"410\" srcset=\"https:\/\/cesd.qc.ca\/media\/FB_IMG_1487555353387.jpg 502w, https:\/\/cesd.qc.ca\/media\/FB_IMG_1487555353387-300x220.jpg 300w\" sizes=\"auto, (max-width: 559px) 100vw, 559px\" \/><\/a><p id=\"caption-attachment-1269\" class=\"wp-caption-text\">Une \u00e9cran G\u00e9ant pour vos projection de vid\u00e9o et image<\/p><\/div>\n<div id=\"attachment_705\" style=\"width: 1034px\" class=\"wp-caption alignnone\"><a href=\"https:\/\/cesd.qc.ca\/media\/\/20180902_2009021-1024x768.jpg\"><img loading=\"lazy\" decoding=\"async\" aria-describedby=\"caption-attachment-705\" class=\"Pont d'\u00e9clairage en arche wp-image-705 size-large\" title=\"Pont d'\u00e9clairage en arche\" src=\"https:\/\/cesd.qc.ca\/media\/\/20180902_2009021-1024x768.jpg\" alt=\"Pont d'\u00e9clairage en arche\" width=\"1024\" height=\"768\" srcset=\"https:\/\/cesd.qc.ca\/media\/20180902_2009021-1024x768.jpg 1024w, https:\/\/cesd.qc.ca\/media\/20180902_2009021-300x225.jpg 300w, https:\/\/cesd.qc.ca\/media\/20180902_2009021-768x576.jpg 768w, https:\/\/cesd.qc.ca\/media\/20180902_2009021-1140x855.jpg 1140w\" sizes=\"auto, (max-width: 1024px) 100vw, 1024px\" \/><\/a><p id=\"caption-attachment-705\" class=\"wp-caption-text\">Pont d&#8217;\u00e9clairage en arche,<br \/>Description, Mis party et Mis laser, Lumi\u00e8re Aton Ak22 Led Par RGBW+ Uv<\/p><\/div>\n<p>\u00a0<\/p>\n<div id=\"attachment_683\" style=\"width: 1034px\" class=\"wp-caption alignnone\"><a href=\"https:\/\/cesd.qc.ca\/media\/\/im-IS16-front-1024x1024.jpg\"><img loading=\"lazy\" decoding=\"async\" aria-describedby=\"caption-attachment-683\" class=\"Phonic model IS16 wp-image-683 size-large\" title=\"Phonic model IS16\" src=\"https:\/\/cesd.qc.ca\/media\/\/im-IS16-front-1024x1024.jpg\" alt=\"Phonic model IS16\" width=\"1024\" height=\"1024\" srcset=\"https:\/\/cesd.qc.ca\/media\/im-IS16-front-1024x1024.jpg 1024w, https:\/\/cesd.qc.ca\/media\/im-IS16-front-150x150.jpg 150w, https:\/\/cesd.qc.ca\/media\/im-IS16-front-300x300.jpg 300w, https:\/\/cesd.qc.ca\/media\/im-IS16-front-768x768.jpg 768w, https:\/\/cesd.qc.ca\/media\/im-IS16-front-1140x1140.jpg 1140w, https:\/\/cesd.qc.ca\/media\/im-IS16-front.jpg 1200w\" sizes=\"auto, (max-width: 1024px) 100vw, 1024px\" \/><\/a><p id=\"caption-attachment-683\" class=\"wp-caption-text\">Phonic model IS16,<br \/>Console digital 16 caneaux<br \/>Nouveaut\u00e9 en magasin<\/p><\/div>\n<div id=\"attachment_682\" style=\"width: 921px\" class=\"wp-caption alignnone\"><a href=\"https:\/\/cesd.qc.ca\/media\/\/im-Acapela16-front-911x1024.jpg\"><img loading=\"lazy\" decoding=\"async\" aria-describedby=\"caption-attachment-682\" class=\"Phonic model Acapela 16 wp-image-682 size-large\" title=\"Phonic model Acapela 16\" src=\"https:\/\/cesd.qc.ca\/media\/\/im-Acapela16-front-911x1024.jpg\" alt=\"Phonic model Acapela 16\" width=\"911\" height=\"1024\" srcset=\"https:\/\/cesd.qc.ca\/media\/im-Acapela16-front-911x1024.jpg 911w, https:\/\/cesd.qc.ca\/media\/im-Acapela16-front-267x300.jpg 267w, https:\/\/cesd.qc.ca\/media\/im-Acapela16-front-768x864.jpg 768w, https:\/\/cesd.qc.ca\/media\/im-Acapela16-front.jpg 1067w\" sizes=\"auto, (max-width: 911px) 100vw, 911px\" \/><\/a><p id=\"caption-attachment-682\" class=\"wp-caption-text\">Phonic model Acapela 16, console digital 16 caneaux<\/p><\/div>\n<div id=\"attachment_680\" style=\"width: 1034px\" class=\"wp-caption alignnone\"><a href=\"https:\/\/cesd.qc.ca\/media\/\/Concert_288_Dual-Handheld_System-1-1024x560.jpg\"><img loading=\"lazy\" decoding=\"async\" aria-describedby=\"caption-attachment-680\" class=\"Samson, model Concert 288 wp-image-680 size-large\" title=\"Samson, model Concert 288\" src=\"https:\/\/cesd.qc.ca\/media\/\/Concert_288_Dual-Handheld_System-1-1024x560.jpg\" alt=\"Samson, model Concert 288\" width=\"1024\" height=\"560\" srcset=\"https:\/\/cesd.qc.ca\/media\/Concert_288_Dual-Handheld_System-1-1024x560.jpg 1024w, https:\/\/cesd.qc.ca\/media\/Concert_288_Dual-Handheld_System-1-300x164.jpg 300w, https:\/\/cesd.qc.ca\/media\/Concert_288_Dual-Handheld_System-1-768x420.jpg 768w, https:\/\/cesd.qc.ca\/media\/Concert_288_Dual-Handheld_System-1-1140x623.jpg 1140w, https:\/\/cesd.qc.ca\/media\/Concert_288_Dual-Handheld_System-1.jpg 1500w\" sizes=\"auto, (max-width: 1024px) 100vw, 1024px\" \/><\/a><p id=\"caption-attachment-680\" class=\"wp-caption-text\">Samson, model Concert 288, deux micro main sans fils avec chacun son volume et prix XLR.<\/p><\/div>\n<div id=\"attachment_673\" style=\"width: 278px\" class=\"wp-caption alignnone\"><a href=\"https:\/\/cesd.qc.ca\/media\/\/Concert_88_Headset_System_1-thumb_medium-150x150.jpg\"><img loading=\"lazy\" decoding=\"async\" aria-describedby=\"caption-attachment-673\" class=\"Samson Head set model Concert 88 wp-image-673 \" title=\"Samson Head set model Concert 88\" src=\"https:\/\/cesd.qc.ca\/media\/\/Concert_88_Headset_System_1-thumb_medium-150x150.jpg\" alt=\"Samson Head set model Concert 88\" width=\"268\" height=\"268\" \/><\/a><p id=\"caption-attachment-673\" class=\"wp-caption-text\">Samson Head set model Concert 88.<br \/>16 fr\u00e9quences, prise XLR<\/p><\/div>\n<div id=\"attachment_650\" style=\"width: 1034px\" class=\"wp-caption alignnone\"><a href=\"https:\/\/cesd.qc.ca\/media\/20161108_160909_001-1-e1530303144446.jpg\"><img loading=\"lazy\" decoding=\"async\" aria-describedby=\"caption-attachment-650\" class=\"Magasin de son, \u00e9clairage, video, service wp-image-650 size-large\" title=\"Magasin de son, \u00e9clairage, video, service\" src=\"https:\/\/cesd.qc.ca\/media\/20161108_160909_001-1-1024x768.jpg\" alt=\"Magasin de son, \u00e9clairage, video, service\" width=\"1024\" height=\"768\" \/><\/a><p id=\"caption-attachment-650\" class=\"wp-caption-text\">Magasin de son, \u00e9clairage, video, service,<br \/>Vente et location avec service de sonorisation et musique.<\/p><\/div>\n<div id=\"attachment_646\" style=\"width: 1034px\" class=\"wp-caption alignnone\"><a href=\"https:\/\/cesd.qc.ca\/media\/\/20180623_162746-1024x768.jpg\"><img loading=\"lazy\" decoding=\"async\" aria-describedby=\"caption-attachment-646\" class=\"\u00c9clairage sp\u00e9cial  wp-image-646 size-large\" title=\"\u00c9clairage sp\u00e9cial \" src=\"https:\/\/cesd.qc.ca\/media\/\/20180623_162746-1024x768.jpg\" alt=\"\u00c9clairage sp\u00e9cial \" width=\"1024\" height=\"768\" srcset=\"https:\/\/cesd.qc.ca\/media\/20180623_162746-1024x768.jpg 1024w, https:\/\/cesd.qc.ca\/media\/20180623_162746-300x225.jpg 300w, https:\/\/cesd.qc.ca\/media\/20180623_162746-768x576.jpg 768w, https:\/\/cesd.qc.ca\/media\/20180623_162746-1140x855.jpg 1140w\" sizes=\"auto, (max-width: 1024px) 100vw, 1024px\" \/><\/a><p id=\"caption-attachment-646\" class=\"wp-caption-text\">\u00c9clairage sp\u00e9cial pour votre fa\u00e7ade de dj.<br \/>Elle attire la tension de vos invit\u00e9s.<\/p><\/div>\n<p>\u00a0<\/p>\n<p>L&#8217;\u00e9clairage de vos rideaux tout en couleur pour tous genres d&#8217;\u00e9v\u00e9nements.<\/p>\n<div id=\"attachment_644\" style=\"width: 1034px\" class=\"wp-caption alignnone\"><a href=\"https:\/\/cesd.qc.ca\/media\/\/20180623_170912-1024x768.jpg\"><img loading=\"lazy\" decoding=\"async\" aria-describedby=\"caption-attachment-644\" class=\"\u00c9clairage Led bar Quad pour rideau blanc wp-image-644 size-large\" title=\"\u00c9clairage Led bar Quad pour rideau blanc\" src=\"https:\/\/cesd.qc.ca\/media\/\/20180623_170912-1024x768.jpg\" alt=\"\u00c9clairage Led bar Quad pour rideau blanc. pour salle de r\u00e9ception\" width=\"1024\" height=\"768\" srcset=\"https:\/\/cesd.qc.ca\/media\/20180623_170912-1024x768.jpg 1024w, https:\/\/cesd.qc.ca\/media\/20180623_170912-300x225.jpg 300w, https:\/\/cesd.qc.ca\/media\/20180623_170912-768x576.jpg 768w, https:\/\/cesd.qc.ca\/media\/20180623_170912-1140x855.jpg 1140w\" sizes=\"auto, (max-width: 1024px) 100vw, 1024px\" \/><\/a><p id=\"caption-attachment-644\" class=\"wp-caption-text\">\u00c9clairage led bar Quad pour rideau blanc. La couleur que vous voulez durant votre \u00e9v\u00e9nement.<\/p><\/div>\n<p>\u00a0<\/p>\n<h3>Voici en photo the new stock in store; en \u00e9clairage;<\/h3>\n<div id=\"attachment_678\" style=\"width: 316px\" class=\"wp-caption alignnone\"><a href=\"https:\/\/cesd.qc.ca\/media\/\/Aton-AH049-UV-COB-Blacklight-150x150.jpg\"><img loading=\"lazy\" decoding=\"async\" aria-describedby=\"caption-attachment-678\" class=\"Aton AH049 UV COB Blacklight wp-image-678 \" title=\"Aton AH049 UV COB Blacklight\" src=\"https:\/\/cesd.qc.ca\/media\/\/Aton-AH049-UV-COB-Blacklight-150x150.jpg\" alt=\"Aton AH049 UV COB Blacklight\" width=\"306\" height=\"306\" \/><\/a><p id=\"caption-attachment-678\" class=\"wp-caption-text\">Aton AH049 UV COB Blacklight<\/p><\/div>\n<div id=\"attachment_581\" style=\"width: 1034px\" class=\"wp-caption alignnone\"><a href=\"https:\/\/cesd.qc.ca\/media\/\/20171022_011236-1024x768.jpg\"><img loading=\"lazy\" decoding=\"async\" aria-describedby=\"caption-attachment-581\" class=\"\u00c9cran de projection 6 x 8 en inventaire wp-image-581 size-large\" title=\"\u00c9cran de projection 6 x 8 en inventaire\" src=\"https:\/\/cesd.qc.ca\/media\/\/20171022_011236-1024x768.jpg\" alt=\"\u00c9cran de projection 6 x 8 en inventaire\" width=\"1024\" height=\"768\" srcset=\"https:\/\/cesd.qc.ca\/media\/20171022_011236-1024x768.jpg 1024w, https:\/\/cesd.qc.ca\/media\/20171022_011236-300x225.jpg 300w, https:\/\/cesd.qc.ca\/media\/20171022_011236-768x576.jpg 768w, https:\/\/cesd.qc.ca\/media\/20171022_011236-1140x855.jpg 1140w\" sizes=\"auto, (max-width: 1024px) 100vw, 1024px\" \/><\/a><p id=\"caption-attachment-581\" class=\"wp-caption-text\">\u00c9cran de projection grandeur 6 x 8 avec rideau de velour .<\/p><\/div>\n<p>Voici ce que nous avons pour vous maintenant les attaches Boa d&#8217;une grandeur de 5, 8 \u00e0 14 pouces ideal pour attacher toutes sortes de c\u00e2ble audio, \u00e9lectricit\u00e9 et m\u00eame vos outils, voir notre photo de notre pr\u00e9sentoir. Deux couleur noir et <span style=\"color: #000000;\">jaune. prix sp\u00e9cial en magasin.<\/span><\/p>\n<div id=\"attachment_400\" style=\"width: 801px\" class=\"wp-caption alignnone\"><a href=\"https:\/\/cesd.qc.ca\/media\/\/Display-des-attache-Boa-en-magasin-791x1024.jpg\"><img loading=\"lazy\" decoding=\"async\" aria-describedby=\"caption-attachment-400\" class=\"Attache Boa, Industries P Gagnon wp-image-400 size-large\" title=\"Attache Boa, Industries P Gagnon\" src=\"https:\/\/cesd.qc.ca\/media\/\/Display-des-attache-Boa-en-magasin-791x1024.jpg\" alt=\"Attache Boa, Industries P Gagnon\" width=\"791\" height=\"1024\" srcset=\"https:\/\/cesd.qc.ca\/media\/Display-des-attache-Boa-en-magasin-791x1024.jpg 791w, https:\/\/cesd.qc.ca\/media\/Display-des-attache-Boa-en-magasin-232x300.jpg 232w, https:\/\/cesd.qc.ca\/media\/Display-des-attache-Boa-en-magasin-768x994.jpg 768w, https:\/\/cesd.qc.ca\/media\/Display-des-attache-Boa-en-magasin-1140x1475.jpg 1140w, https:\/\/cesd.qc.ca\/media\/Display-des-attache-Boa-en-magasin.jpg 1275w\" sizes=\"auto, (max-width: 791px) 100vw, 791px\" \/><\/a><p id=\"caption-attachment-400\" class=\"wp-caption-text\">Attache Boa, Industries P Gagnon, Look this video for more information, <a href=\"https:\/\/www.youtube.com\/watch?v=Ps2RqVNJ6fk\">https:\/\/www.youtube.com\/watch?v=iQuhrqY1-pk<\/a><\/p><\/div>\n<p>\u00a0<\/p>\n<div id=\"attachment_525\" style=\"width: 1034px\" class=\"wp-caption alignnone\"><a href=\"https:\/\/cesd.qc.ca\/media\/\/Concert_288_Dual-Handheld_System-1024x560.jpg\"><img loading=\"lazy\" decoding=\"async\" aria-describedby=\"caption-attachment-525\" class=\"Samson micro main sans fils double wp-image-525 size-large\" title=\"Samson micro main sans fils double\" src=\"https:\/\/cesd.qc.ca\/media\/\/Concert_288_Dual-Handheld_System-1024x560.jpg\" alt=\"Samson Dual Handhell\" width=\"1024\" height=\"560\" srcset=\"https:\/\/cesd.qc.ca\/media\/Concert_288_Dual-Handheld_System-1024x560.jpg 1024w, https:\/\/cesd.qc.ca\/media\/Concert_288_Dual-Handheld_System-300x164.jpg 300w, https:\/\/cesd.qc.ca\/media\/Concert_288_Dual-Handheld_System-768x420.jpg 768w, https:\/\/cesd.qc.ca\/media\/Concert_288_Dual-Handheld_System-1140x623.jpg 1140w, https:\/\/cesd.qc.ca\/media\/Concert_288_Dual-Handheld_System.jpg 1500w\" sizes=\"auto, (max-width: 1024px) 100vw, 1024px\" \/><\/a><p id=\"caption-attachment-525\" class=\"wp-caption-text\">Samson Dual Hand Hell,<br \/>double Micro main sans fils Disponible en magasin vente et location.<\/p><\/div>\n<div id=\"attachment_526\" style=\"width: 590px\" class=\"wp-caption alignnone\"><a href=\"https:\/\/cesd.qc.ca\/media\/Concert_288_Dual-Presentation_System-display.jpg\"><img loading=\"lazy\" decoding=\"async\" aria-describedby=\"caption-attachment-526\" class=\"wp-image-1171 size-full\" title=\"Samson Dual pr\u00e9sentation casque et lavalier\" src=\"https:\/\/cesd.qc.ca\/media\/Concert_288_Dual-Presentation_System-display.jpg\" alt=\"Samson Concert dual pr\u00e9sentation, Head set or lavalier\" width=\"580\" height=\"464\" srcset=\"https:\/\/cesd.qc.ca\/media\/Concert_288_Dual-Presentation_System-display.jpg 580w, https:\/\/cesd.qc.ca\/media\/Concert_288_Dual-Presentation_System-display-300x240.jpg 300w\" sizes=\"auto, (max-width: 580px) 100vw, 580px\" \/><\/a><p id=\"caption-attachment-526\" class=\"wp-caption-text\">Samson Concert deux Micro casques ou lavalier. Disponible en magasin, vente et location.<\/p><\/div>\n<p>Nouvelle effet video pour votre table de travail, banquet avec nappe en blanc.<\/p>\n<p>\u00a0<\/p>\n\n\n<p><\/p>\n","protected":false},"excerpt":{"rendered":"<p>\u00c9cran g\u00e9ant pour l&#8217;int\u00e9rieur, vous pouvez projeter vos photo, film, vid\u00e9o et power pointe. The New stock in store g\u00e9ant Screenshots \u00a0 \u00a0 L&#8217;\u00e9clairage de vos rideaux tout en couleur pour tous genres d&#8217;\u00e9v\u00e9nements. \u00a0 Voici en photo the new stock in store; en \u00e9clairage; Voici ce que nous avons pour vous maintenant les attaches [&hellip;]<\/p>\n","protected":false},"author":2,"featured_media":858,"parent":0,"menu_order":0,"comment_status":"closed","ping_status":"closed","template":"","meta":{"inline_featured_image":false,"footnotes":""},"class_list":["post-394","page","type-page","status-publish","has-post-thumbnail","hentry"],"yoast_head":"<!-- This site is optimized with the Yoast SEO plugin v27.5 - https:\/\/yoast.com\/product\/yoast-seo-wordpress\/ -->\n<title>Centre d&#039;\u00e9quipement et de sonorisation Denis Inc The New stock in store<\/title>\n<meta name=\"description\" content=\"centre d&#039;\u00e9quipement et de sonorisation Denis. The New stock in store, \u00e9clairage, \u00e9cran g\u00e9ant pour plein air et pour int\u00e9rieur, \u00e9clairage.\" \/>\n<meta name=\"robots\" content=\"index, follow, max-snippet:-1, max-image-preview:large, max-video-preview:-1, noarchive\" \/>\n<link rel=\"canonical\" href=\"https:\/\/cesd.qc.ca\/en\/the-new-stock-in-store\/\" \/>\n<meta property=\"og:locale\" content=\"en_US\" \/>\n<meta property=\"og:type\" content=\"article\" \/>\n<meta property=\"og:title\" content=\"Centre d&#039;\u00e9quipement et de sonorisation Denis Inc The New stock in store\" \/>\n<meta property=\"og:description\" content=\"centre d&#039;\u00e9quipement et de sonorisation Denis. The New stock in store, \u00e9clairage, \u00e9cran g\u00e9ant pour plein air et pour int\u00e9rieur, \u00e9clairage.\" \/>\n<meta property=\"og:url\" content=\"https:\/\/cesd.qc.ca\/en\/the-new-stock-in-store\/\" \/>\n<meta property=\"og:site_name\" content=\"Centre d&#039;\u00e9quipement et de sonorisation Denis Inc\" \/>\n<meta property=\"article:publisher\" content=\"https:\/\/www.facebook.com\/cesdinc\/?ref=bookmarks\" \/>\n<meta property=\"article:modified_time\" content=\"2021-08-21T02:21:16+00:00\" \/>\n<meta property=\"og:image\" content=\"https:\/\/cesd.qc.ca\/media\/CESD-Pub-2015.jpg\" \/>\n\t<meta property=\"og:image:width\" content=\"727\" \/>\n\t<meta property=\"og:image:height\" content=\"470\" \/>\n\t<meta property=\"og:image:type\" content=\"image\/jpeg\" \/>\n<meta name=\"twitter:label1\" content=\"Est. reading time\" \/>\n\t<meta name=\"twitter:data1\" content=\"5 minutes\" \/>\n<script type=\"application\/ld+json\" class=\"yoast-schema-graph\">{\"@context\":\"https:\\\/\\\/schema.org\",\"@graph\":[{\"@type\":\"WebPage\",\"@id\":\"https:\\\/\\\/cesd.qc.ca\\\/en\\\/the-new-stock-in-store\\\/\",\"url\":\"https:\\\/\\\/cesd.qc.ca\\\/en\\\/the-new-stock-in-store\\\/\",\"name\":\"Centre d&#039;\u00e9quipement et de sonorisation Denis Inc The New stock in store\",\"isPartOf\":{\"@id\":\"https:\\\/\\\/cesd.qc.ca\\\/#website\"},\"primaryImageOfPage\":{\"@id\":\"https:\\\/\\\/cesd.qc.ca\\\/en\\\/the-new-stock-in-store\\\/#primaryimage\"},\"image\":{\"@id\":\"https:\\\/\\\/cesd.qc.ca\\\/en\\\/the-new-stock-in-store\\\/#primaryimage\"},\"thumbnailUrl\":\"https:\\\/\\\/cesd.qc.ca\\\/media\\\/CESD-Pub-2015.jpg\",\"datePublished\":\"2020-10-24T17:16:00+00:00\",\"dateModified\":\"2021-08-21T02:21:16+00:00\",\"description\":\"centre d'\u00e9quipement et de sonorisation Denis. The New stock in store, \u00e9clairage, \u00e9cran g\u00e9ant pour plein air et pour int\u00e9rieur, \u00e9clairage.\",\"breadcrumb\":{\"@id\":\"https:\\\/\\\/cesd.qc.ca\\\/en\\\/the-new-stock-in-store\\\/#breadcrumb\"},\"inLanguage\":\"en-US\",\"potentialAction\":[{\"@type\":\"ReadAction\",\"target\":[\"https:\\\/\\\/cesd.qc.ca\\\/en\\\/the-new-stock-in-store\\\/\"]}]},{\"@type\":\"ImageObject\",\"inLanguage\":\"en-US\",\"@id\":\"https:\\\/\\\/cesd.qc.ca\\\/en\\\/the-new-stock-in-store\\\/#primaryimage\",\"url\":\"https:\\\/\\\/cesd.qc.ca\\\/media\\\/CESD-Pub-2015.jpg\",\"contentUrl\":\"https:\\\/\\\/cesd.qc.ca\\\/media\\\/CESD-Pub-2015.jpg\",\"width\":727,\"height\":470,\"caption\":\"Centre d'\u00e9quipement et de sonorisation Denis (cesd.qc.ca)\"},{\"@type\":\"BreadcrumbList\",\"@id\":\"https:\\\/\\\/cesd.qc.ca\\\/en\\\/the-new-stock-in-store\\\/#breadcrumb\",\"itemListElement\":[{\"@type\":\"ListItem\",\"position\":1,\"name\":\"Home\",\"item\":\"https:\\\/\\\/cesd.qc.ca\\\/en\\\/\"},{\"@type\":\"ListItem\",\"position\":2,\"name\":\"The New stock in store\"}]},{\"@type\":\"WebSite\",\"@id\":\"https:\\\/\\\/cesd.qc.ca\\\/#website\",\"url\":\"https:\\\/\\\/cesd.qc.ca\\\/\",\"name\":\"Centre d&#039;\u00e9quipement et de sonorisation Denis Inc\",\"description\":\"Du son, de l&#039;\u00e9clairage et du vid\u00e9o \u00e0 votre service\",\"publisher\":{\"@id\":\"https:\\\/\\\/cesd.qc.ca\\\/#organization\"},\"potentialAction\":[{\"@type\":\"SearchAction\",\"target\":{\"@type\":\"EntryPoint\",\"urlTemplate\":\"https:\\\/\\\/cesd.qc.ca\\\/?s={search_term_string}\"},\"query-input\":{\"@type\":\"PropertyValueSpecification\",\"valueRequired\":true,\"valueName\":\"search_term_string\"}}],\"inLanguage\":\"en-US\"},{\"@type\":\"Organization\",\"@id\":\"https:\\\/\\\/cesd.qc.ca\\\/#organization\",\"name\":\"Centre d'\u00e9quipement et de sonorisation Denis Inc.\",\"url\":\"https:\\\/\\\/cesd.qc.ca\\\/\",\"logo\":{\"@type\":\"ImageObject\",\"inLanguage\":\"en-US\",\"@id\":\"https:\\\/\\\/cesd.qc.ca\\\/#\\\/schema\\\/logo\\\/image\\\/\",\"url\":\"https:\\\/\\\/cesd.qc.ca\\\/media\\\/logoBleu-cesd-le-11-2014.jpg\",\"contentUrl\":\"https:\\\/\\\/cesd.qc.ca\\\/media\\\/logoBleu-cesd-le-11-2014.jpg\",\"width\":2271,\"height\":420,\"caption\":\"Centre d'\u00e9quipement et de sonorisation Denis Inc.\"},\"image\":{\"@id\":\"https:\\\/\\\/cesd.qc.ca\\\/#\\\/schema\\\/logo\\\/image\\\/\"},\"sameAs\":[\"https:\\\/\\\/www.facebook.com\\\/cesdinc\\\/?ref=bookmarks\",\"https:\\\/\\\/www.linkedin.com\\\/feed\\\/\",\"https:\\\/\\\/www.youtube.com\\\/results?search_query=centre d'\u00e9quipement et de sonorisation\"]}]}<\/script>\n<!-- \/ Yoast SEO plugin. -->","yoast_head_json":{"title":"Centre d&#039;\u00e9quipement et de sonorisation Denis Inc The New stock in store","description":"centre d'\u00e9quipement et de sonorisation Denis. The New stock in store, \u00e9clairage, \u00e9cran g\u00e9ant pour plein air et pour int\u00e9rieur, \u00e9clairage.","robots":{"index":"index","follow":"follow","max-snippet":"max-snippet:-1","max-image-preview":"max-image-preview:large","max-video-preview":"max-video-preview:-1","archive":"noarchive"},"canonical":"https:\/\/cesd.qc.ca\/en\/the-new-stock-in-store\/","og_locale":"en_US","og_type":"article","og_title":"Centre d&#039;\u00e9quipement et de sonorisation Denis Inc The New stock in store","og_description":"centre d'\u00e9quipement et de sonorisation Denis. The New stock in store, \u00e9clairage, \u00e9cran g\u00e9ant pour plein air et pour int\u00e9rieur, \u00e9clairage.","og_url":"https:\/\/cesd.qc.ca\/en\/the-new-stock-in-store\/","og_site_name":"Centre d&#039;\u00e9quipement et de sonorisation Denis Inc","article_publisher":"https:\/\/www.facebook.com\/cesdinc\/?ref=bookmarks","article_modified_time":"2021-08-21T02:21:16+00:00","og_image":[{"width":727,"height":470,"url":"https:\/\/cesd.qc.ca\/media\/CESD-Pub-2015.jpg","type":"image\/jpeg"}],"twitter_misc":{"Est. reading time":"5 minutes"},"schema":{"@context":"https:\/\/schema.org","@graph":[{"@type":"WebPage","@id":"https:\/\/cesd.qc.ca\/en\/the-new-stock-in-store\/","url":"https:\/\/cesd.qc.ca\/en\/the-new-stock-in-store\/","name":"Centre d&#039;\u00e9quipement et de sonorisation Denis Inc The New stock in store","isPartOf":{"@id":"https:\/\/cesd.qc.ca\/#website"},"primaryImageOfPage":{"@id":"https:\/\/cesd.qc.ca\/en\/the-new-stock-in-store\/#primaryimage"},"image":{"@id":"https:\/\/cesd.qc.ca\/en\/the-new-stock-in-store\/#primaryimage"},"thumbnailUrl":"https:\/\/cesd.qc.ca\/media\/CESD-Pub-2015.jpg","datePublished":"2020-10-24T17:16:00+00:00","dateModified":"2021-08-21T02:21:16+00:00","description":"centre d'\u00e9quipement et de sonorisation Denis. The New stock in store, \u00e9clairage, \u00e9cran g\u00e9ant pour plein air et pour int\u00e9rieur, \u00e9clairage.","breadcrumb":{"@id":"https:\/\/cesd.qc.ca\/en\/the-new-stock-in-store\/#breadcrumb"},"inLanguage":"en-US","potentialAction":[{"@type":"ReadAction","target":["https:\/\/cesd.qc.ca\/en\/the-new-stock-in-store\/"]}]},{"@type":"ImageObject","inLanguage":"en-US","@id":"https:\/\/cesd.qc.ca\/en\/the-new-stock-in-store\/#primaryimage","url":"https:\/\/cesd.qc.ca\/media\/CESD-Pub-2015.jpg","contentUrl":"https:\/\/cesd.qc.ca\/media\/CESD-Pub-2015.jpg","width":727,"height":470,"caption":"Centre d'\u00e9quipement et de sonorisation Denis (cesd.qc.ca)"},{"@type":"BreadcrumbList","@id":"https:\/\/cesd.qc.ca\/en\/the-new-stock-in-store\/#breadcrumb","itemListElement":[{"@type":"ListItem","position":1,"name":"Home","item":"https:\/\/cesd.qc.ca\/en\/"},{"@type":"ListItem","position":2,"name":"The New stock in store"}]},{"@type":"WebSite","@id":"https:\/\/cesd.qc.ca\/#website","url":"https:\/\/cesd.qc.ca\/","name":"Centre d&#039;\u00e9quipement et de sonorisation Denis Inc","description":"Du son, de l&#039;\u00e9clairage et du vid\u00e9o \u00e0 votre service","publisher":{"@id":"https:\/\/cesd.qc.ca\/#organization"},"potentialAction":[{"@type":"SearchAction","target":{"@type":"EntryPoint","urlTemplate":"https:\/\/cesd.qc.ca\/?s={search_term_string}"},"query-input":{"@type":"PropertyValueSpecification","valueRequired":true,"valueName":"search_term_string"}}],"inLanguage":"en-US"},{"@type":"Organization","@id":"https:\/\/cesd.qc.ca\/#organization","name":"Centre d'\u00e9quipement et de sonorisation Denis Inc.","url":"https:\/\/cesd.qc.ca\/","logo":{"@type":"ImageObject","inLanguage":"en-US","@id":"https:\/\/cesd.qc.ca\/#\/schema\/logo\/image\/","url":"https:\/\/cesd.qc.ca\/media\/logoBleu-cesd-le-11-2014.jpg","contentUrl":"https:\/\/cesd.qc.ca\/media\/logoBleu-cesd-le-11-2014.jpg","width":2271,"height":420,"caption":"Centre d'\u00e9quipement et de sonorisation Denis Inc."},"image":{"@id":"https:\/\/cesd.qc.ca\/#\/schema\/logo\/image\/"},"sameAs":["https:\/\/www.facebook.com\/cesdinc\/?ref=bookmarks","https:\/\/www.linkedin.com\/feed\/","https:\/\/www.youtube.com\/results?search_query=centre d'\u00e9quipement et de sonorisation"]}]}},"_links":{"self":[{"href":"https:\/\/cesd.qc.ca\/en\/wp-json\/wp\/v2\/pages\/394","targetHints":{"allow":["GET"]}}],"collection":[{"href":"https:\/\/cesd.qc.ca\/en\/wp-json\/wp\/v2\/pages"}],"about":[{"href":"https:\/\/cesd.qc.ca\/en\/wp-json\/wp\/v2\/types\/page"}],"author":[{"embeddable":true,"href":"https:\/\/cesd.qc.ca\/en\/wp-json\/wp\/v2\/users\/2"}],"replies":[{"embeddable":true,"href":"https:\/\/cesd.qc.ca\/en\/wp-json\/wp\/v2\/comments?post=394"}],"version-history":[{"count":17,"href":"https:\/\/cesd.qc.ca\/en\/wp-json\/wp\/v2\/pages\/394\/revisions"}],"predecessor-version":[{"id":1505,"href":"https:\/\/cesd.qc.ca\/en\/wp-json\/wp\/v2\/pages\/394\/revisions\/1505"}],"wp:featuredmedia":[{"embeddable":true,"href":"https:\/\/cesd.qc.ca\/en\/wp-json\/wp\/v2\/media\/858"}],"wp:attachment":[{"href":"https:\/\/cesd.qc.ca\/en\/wp-json\/wp\/v2\/media?parent=394"}],"curies":[{"name":"wp","href":"https:\/\/api.w.org\/{rel}","templated":true}]}}